{"id":53349,"date":"2022-02-28T09:30:06","date_gmt":"2022-02-28T09:30:06","guid":{"rendered":"http:\/\/centrico.dmbox.it\/?page_id=53349"},"modified":"2022-03-11T07:53:07","modified_gmt":"2022-03-11T07:53:07","slug":"il-ricordo-piu-bello","status":"publish","type":"page","link":"https:\/\/centrico.it\/it\/perche-centrico\/il-ricordo-piu-bello\/","title":{"rendered":"Il ricordo pi\u00f9 bello"},"content":{"rendered":"<p>[et_pb_section fb_built=&#8221;1&#8243; admin_label=&#8221;Header&#8221; _builder_version=&#8221;4.14.7&#8243; background_color=&#8221;#009FE3&#8243; background_color_gradient_start=&#8221;#fe5b48&#8243; background_color_gradient_end=&#8221;#b80572&#8243; background_color_gradient_direction=&#8221;135deg&#8221; background_image=&#8221;https:\/\/centrico.it\/wp-content\/uploads\/2022\/02\/centrico_software_per_fotografi_ilricordopiubello_recensione_04-jpeg.jpeg&#8221; parallax=&#8221;on&#8221; custom_padding=&#8221;5%|0px|5%|0px|true|false&#8221; animation_direction=&#8221;bottom&#8221; locked=&#8221;off&#8221; global_colors_info=&#8221;{}&#8221;][et_pb_row _builder_version=&#8221;4.14.7&#8243; background_color=&#8221;rgba(255,255,255,0.9)&#8221; custom_padding=&#8221;50px||50px||true|false&#8221; animation_style=&#8221;zoom&#8221; animation_direction=&#8221;bottom&#8221; animation_intensity_zoom=&#8221;8%&#8221; animation_starting_opacity=&#8221;100%&#8221; border_radii=&#8221;on|6px|6px|6px|6px&#8221; global_colors_info=&#8221;{}&#8221;][et_pb_column type=&#8221;4_4&#8243; _builder_version=&#8221;3.25&#8243; custom_padding=&#8221;|||&#8221; global_colors_info=&#8221;{}&#8221; custom_padding__hover=&#8221;|||&#8221;][et_pb_text _builder_version=&#8221;4.14.7&#8243; text_font_size=&#8221;18px&#8221; text_line_height=&#8221;1.8em&#8221; header_font=&#8221;|700|||||||&#8221; header_font_size=&#8221;45px&#8221; header_line_height=&#8221;1.3em&#8221; header_2_font=&#8221;||||||||&#8221; header_3_font=&#8221;|600|||||||&#8221; header_3_font_size=&#8221;24px&#8221; header_3_line_height=&#8221;1.3em&#8221; text_orientation=&#8221;center&#8221; max_width=&#8221;700px&#8221; module_alignment=&#8221;center&#8221; global_colors_info=&#8221;{}&#8221;]<span class=\"et-pb-icon\" style=\"font-size: 33px; color: #72c7b5;\">\ue033 \ue033 \ue033 \ue033 \ue033<\/span><\/p>\n<h1>Uso l&#8217;E-mail marketing per promuovere i miei servizi fotografici<\/h1>\n<p>&#8220;<strong>Uso l&#8217;Email marketing per promuovere i miei servizi fotografici<\/strong>. Centrico mi aiuta ad organizzare i miei contatti in base ai loro interessi, questo mi permette di inviare comunicazioni specifiche. Inoltre posso raccogliere i contatti direttamente in Centrico dal form presente sul mio sito, ho impostato una mail automatica di presentazione per inviare loro un coupon.&#8221;<\/p>\n<p><strong>Alessia<\/strong><br \/>\nIl ricordo pi\u00f9 bello[\/et_pb_text][\/et_pb_column][\/et_pb_row][\/et_pb_section][et_pb_section fb_built=&#8221;1&#8243; admin_label=&#8221;Features CTA Section&#8221; _builder_version=&#8221;4.14.7&#8243; custom_padding=&#8221;100px|0px|100px|0px|true|false&#8221; saved_tabs=&#8221;all&#8221; global_colors_info=&#8221;{}&#8221;][et_pb_row make_equal=&#8221;on&#8221; admin_label=&#8221;Right Sided Image&#8221; _builder_version=&#8221;4.14.7&#8243; custom_padding=&#8221;||||false|false&#8221; global_colors_info=&#8221;{}&#8221;][et_pb_column type=&#8221;4_4&#8243; module_class=&#8221;iq-centra-verticale&#8221; _builder_version=&#8221;4.14.7&#8243; custom_padding=&#8221;|||&#8221; global_colors_info=&#8221;{}&#8221; custom_padding__hover=&#8221;|||&#8221;][et_pb_text _builder_version=&#8221;4.14.7&#8243; text_font_size=&#8221;18px&#8221; text_line_height=&#8221;1.8em&#8221; header_font=&#8221;||||||||&#8221; header_text_align=&#8221;left&#8221; header_2_font=&#8221;|700|||||||&#8221; header_2_font_size=&#8221;35px&#8221; header_2_line_height=&#8221;1.3em&#8221; text_orientation=&#8221;center&#8221; global_colors_info=&#8221;{}&#8221;]<\/p>\n<h2>Perch\u00e8 abbiamo scelto centrico<\/h2>\n<p>Avevo bisogno di organizzare tutti i contatti, distinguete i clienti dai potenziali clienti o i contatti che hanno richiesto un preventivo dai i contatti che si sono iscritti alla newsletter.<br \/>\nInoltre avevo l&#8217;esigenza di promuovere i servizi fotografici, tramite E-mail periodiche ho la possibilit\u00e0 di presentare uno alla volta tutti i servizi fotografici che offriamo, inviare promozioni o sessioni fotografiche speciali.[\/et_pb_text][\/et_pb_column][\/et_pb_row][et_pb_row make_equal=&#8221;on&#8221; admin_label=&#8221;Right Sided Image&#8221; _builder_version=&#8221;4.14.7&#8243; custom_padding=&#8221;||||false|false&#8221; global_colors_info=&#8221;{}&#8221;][et_pb_column type=&#8221;4_4&#8243; module_class=&#8221;iq-centra-verticale&#8221; _builder_version=&#8221;4.14.7&#8243; custom_padding=&#8221;|||&#8221; global_colors_info=&#8221;{}&#8221; custom_padding__hover=&#8221;|||&#8221;][et_pb_tabs _builder_version=&#8221;4.14.7&#8243; _module_preset=&#8221;default&#8221; body_text_color=&#8221;#888888&#8243; body_font_size=&#8221;18px&#8221; body_line_height=&#8221;1.8em&#8221; tab_font=&#8221;|700||on|||||&#8221; tab_font_size=&#8221;16px&#8221; locked=&#8221;off&#8221; global_colors_info=&#8221;{}&#8221;][et_pb_tab title=&#8221;La nostra strategia Marketing&#8221; _builder_version=&#8221;4.14.7&#8243; _module_preset=&#8221;default&#8221; global_colors_info=&#8221;{}&#8221;]Utilizzo Centrico dal 2017, \u00e8 indispensabile, un vero e proprio strumento di lavoro di uso quotidiano.<\/p>\n<p>Ogni persona che mi contatta viene inserita in Centrico, tramite i campi personalizzati inserisco i suoi interessi, i nomi dell&#8217;intero nucleo familiare e soprattutto le informazioni legate al bimbo da fotografare, come nome e data indicativa del parto nel caso di servizi fotografici in gravidanza o l&#8217;et\u00e0 del bimbo. <\/p>\n<p>Questo mi permette di inviare comunicazioni di E-mail marketing mirate in base agli interessi dei miei contatti, ad esempio, se un cliente prenota un servizio fotografico maternit\u00e0 ma non \u00e8 ancora convinto sul servizio fotografico al bimbo neonato gli invio una comunicazione con una promo per il servizio neonato, cos\u00ec da convincerlo e spingerlo a prenotare il pacchetto completo.<\/p>\n<p>Oppure nel caso in cui il cliente prenota il primo servizio fotografico per il bimbo neonato so che \u00e8 potenzialmente interessato al servizio fotografico per il primo anno del bimbo, quindi, a distanza di alcuni mesi invio una promozione mirata.<\/p>\n<p> Inoltre inserisco tutte le informazioni che scorgo o che chiedo a mamma e pap\u00e0 in merito ai gusti, alle preferenze di pose e colori da utilizzare durante le sessioni fotografiche, questo mi serve per tenere uno storico di eventuali servizi effettuati in precedenza cos\u00ec da mantenere lo stesso stile, personale per ogni famiglia e racchiudere in un prezioso album tutte le fotografie di questo momento speciale che siano in linea e coordinate tra loro.[\/et_pb_tab][et_pb_tab title=&#8221;La nostra storia&#8221; _builder_version=&#8221;4.14.7&#8243; _module_preset=&#8221;default&#8221; global_colors_info=&#8221;{}&#8221;]<\/p>\n<p>Amo da sempre la fotografia che emoziona, amo enfatizzare ogni momento della vita per trasformarli in ricordi indelebili.<\/p>\n<p>Realizzare un servizio fotografico significa per me permettervi di conservare ogni piccolo dettaglio dell&#8217;emozione pi\u00f9 grande che si possa provare, ogni tratto del suo visino, ogni dettaglio ed ogni espressione. I primi giorni di vita sono i pi\u00f9 ricchi di emozioni, cos\u00ec tante e rapide che ricordarle tutte \u00e8 difficile, impossibile.<\/p>\n<p>Una fotografia ferma il tempo in quell&#8217;istante. Esattamente quel momento che vorresti non finisse mai.<\/p>\n<p>Considero la famiglia un valore molto importante: per questo ho scelto di dedicarmi ad una fotografia che la ritrae, dall\u2019unione di una coppia alla dolce attesa, dalla nascita di una nuova vita alla sua crescita, istanti preziosi che vanno custoditi gelosamente nel tempo.<\/p>\n<p>Ogni scatto \u00e8 un istante di vita.<\/p>\n<p>Alessia \u2013 Il ricordo pi\u00f9 bello<\/p>\n<p>[\/et_pb_tab][\/et_pb_tabs][\/et_pb_column][\/et_pb_row][et_pb_row make_equal=&#8221;on&#8221; admin_label=&#8221;Right Sided Image&#8221; _builder_version=&#8221;4.14.7&#8243; custom_padding=&#8221;||0px|||&#8221; global_colors_info=&#8221;{}&#8221;][et_pb_column type=&#8221;4_4&#8243; module_class=&#8221;iq-centra-verticale&#8221; _builder_version=&#8221;4.14.7&#8243; custom_padding=&#8221;|||&#8221; global_colors_info=&#8221;{}&#8221; custom_padding__hover=&#8221;|||&#8221;][et_pb_image src=&#8221;https:\/\/centrico.it\/wp-content\/uploads\/2022\/02\/il-ricordo-piu-bello-logo.png&#8221; url_new_window=&#8221;on&#8221; align=&#8221;center&#8221; _builder_version=&#8221;4.14.8&#8243; _module_preset=&#8221;default&#8221; max_width=&#8221;250px&#8221; global_colors_info=&#8221;{}&#8221;][\/et_pb_image][\/et_pb_column][\/et_pb_row][\/et_pb_section][et_pb_section fb_built=&#8221;1&#8243; _builder_version=&#8221;4.14.7&#8243; _module_preset=&#8221;default&#8221; background_color=&#8221;#72c7b5&#8243; global_colors_info=&#8221;{}&#8221;][et_pb_row column_structure=&#8221;1_3,1_3,1_3&#8243; _builder_version=&#8221;4.14.7&#8243; _module_preset=&#8221;default&#8221; global_colors_info=&#8221;{}&#8221;][et_pb_column type=&#8221;1_3&#8243; _builder_version=&#8221;4.14.7&#8243; _module_preset=&#8221;default&#8221; global_colors_info=&#8221;{}&#8221;][et_pb_blurb title=&#8221;Scheda cliente&#8221; use_icon=&#8221;on&#8221; font_icon=&#8221;&#xe08a;||divi||400&#8243; icon_color=&#8221;#FFFFFF&#8221; image_icon_width=&#8221;46px&#8221; _builder_version=&#8221;4.14.7&#8243; _dynamic_attributes=&#8221;link_option_url&#8221; _module_preset=&#8221;default&#8221; header_level=&#8221;h3&#8243; header_font=&#8221;|700||on|||||&#8221; text_orientation=&#8221;center&#8221; background_layout=&#8221;dark&#8221; custom_padding=&#8221;||0px|||&#8221; link_option_url=&#8221;@ET-DC@eyJkeW5hbWljIjp0cnVlLCJjb250ZW50IjoicG9zdF9saW5rX3VybF9wYWdlIiwic2V0dGluZ3MiOnsicG9zdF9pZCI6IjUyMzc2In19@&#8221; global_colors_info=&#8221;{}&#8221;][\/et_pb_blurb][\/et_pb_column][et_pb_column type=&#8221;1_3&#8243; _builder_version=&#8221;4.14.7&#8243; _module_preset=&#8221;default&#8221; global_colors_info=&#8221;{}&#8221;][et_pb_blurb title=&#8221;SMS Marketing&#8221; use_icon=&#8221;on&#8221; font_icon=&#8221;&#xf075;||fa||900&#8243; icon_color=&#8221;#FFFFFF&#8221; image_icon_width=&#8221;46px&#8221; _builder_version=&#8221;4.14.7&#8243; _dynamic_attributes=&#8221;link_option_url&#8221; _module_preset=&#8221;default&#8221; header_level=&#8221;h3&#8243; header_font=&#8221;|700||on|||||&#8221; text_orientation=&#8221;center&#8221; background_layout=&#8221;dark&#8221; link_option_url=&#8221;@ET-DC@eyJkeW5hbWljIjp0cnVlLCJjb250ZW50IjoicG9zdF9saW5rX3VybF9wYWdlIiwic2V0dGluZ3MiOnsicG9zdF9pZCI6IjUyNDYwIn19@&#8221; global_colors_info=&#8221;{}&#8221;][\/et_pb_blurb][\/et_pb_column][et_pb_column type=&#8221;1_3&#8243; _builder_version=&#8221;4.14.7&#8243; _module_preset=&#8221;default&#8221; global_colors_info=&#8221;{}&#8221;][et_pb_blurb title=&#8221;Invii Automatici&#8221; use_icon=&#8221;on&#8221; font_icon=&#8221;&#xe076;||divi||400&#8243; icon_color=&#8221;#FFFFFF&#8221; image_icon_width=&#8221;46px&#8221; _builder_version=&#8221;4.14.7&#8243; _dynamic_attributes=&#8221;link_option_url&#8221; _module_preset=&#8221;default&#8221; header_level=&#8221;h3&#8243; header_font=&#8221;|700||on|||||&#8221; text_orientation=&#8221;center&#8221; background_layout=&#8221;dark&#8221; link_option_url=&#8221;@ET-DC@eyJkeW5hbWljIjp0cnVlLCJjb250ZW50IjoicG9zdF9saW5rX3VybF9wYWdlIiwic2V0dGluZ3MiOnsicG9zdF9pZCI6IjUyNDUyIn19@&#8221; global_colors_info=&#8221;{}&#8221;][\/et_pb_blurb][\/et_pb_column][\/et_pb_row][\/et_pb_section][et_pb_section fb_built=&#8221;1&#8243; _builder_version=&#8221;4.14.7&#8243; _module_preset=&#8221;default&#8221; global_module=&#8221;239561&#8243; global_colors_info=&#8221;{}&#8221;][et_pb_row _builder_version=&#8221;4.14.7&#8243; _module_preset=&#8221;default&#8221; global_colors_info=&#8221;{}&#8221;][et_pb_column type=&#8221;4_4&#8243; _builder_version=&#8221;4.14.7&#8243; _module_preset=&#8221;default&#8221; global_colors_info=&#8221;{}&#8221;][et_pb_text _builder_version=&#8221;4.14.7&#8243; text_font=&#8221;||||||||&#8221; text_font_size=&#8221;18px&#8221; text_line_height=&#8221;1.8em&#8221; header_font=&#8221;||||||||&#8221; header_2_font=&#8221;|700|||||||&#8221; header_2_font_size=&#8221;40px&#8221; header_2_line_height=&#8221;1.4em&#8221; header_3_font=&#8221;|700||on|||||&#8221; header_4_font=&#8221;|700||on|||||&#8221; text_orientation=&#8221;center&#8221; module_alignment=&#8221;center&#8221; text_line_height_tablet=&#8221;1.7em&#8221; text_line_height_last_edited=&#8221;off|desktop&#8221; global_colors_info=&#8221;{}&#8221;]<\/p>\n<h2>Vuoi ricevere una consulenza gratuita?<\/h2>\n<p>Un nostro operatore ti spiegher\u00e0 come le funzionalit\u00e0 di Centrico CRM possano aiutare a gestire meglio i tuoi clienti e creare con loro un rapporto a lungo termine. Scrivici per un consulto <strong>gratuito di 15 minuti<\/strong>, verrai ricontattato nel minor tempo possibile.<\/p>\n<p>[\/et_pb_text][et_pb_contact_form submit_button_text=&#8221;Invia&#8221; module_id=&#8221;et_pb_contact_form_0&#8243; _builder_version=&#8221;4.14.8&#8243; form_field_background_color=&#8221;#ffffff&#8221; form_field_font=&#8221;||||||||&#8221; form_field_font_size=&#8221;16px&#8221; button_bg_color_gradient_start=&#8221;#3D72E7&#8243; button_bg_color_gradient_end=&#8221;#53a0fe&#8221; button_bg_color_gradient_direction=&#8221;235deg&#8221; border_radii=&#8221;on|4px|4px|4px|4px&#8221; box_shadow_style=&#8221;preset3&#8243; box_shadow_color=&#8221;rgba(0,0,0,0.12)&#8221; form_background_color=&#8221;#ffffff&#8221; global_colors_info=&#8221;{}&#8221; button_letter_spacing_hover=&#8221;1px&#8221;][et_pb_contact_field field_id=&#8221;Nome&#8221; field_title=&#8221;Nome&#8221; _builder_version=&#8221;4.14.8&#8243; global_colors_info=&#8221;{}&#8221; button_text_size__hover_enabled=&#8221;off&#8221; button_one_text_size__hover_enabled=&#8221;off&#8221; button_two_text_size__hover_enabled=&#8221;off&#8221; button_text_color__hover_enabled=&#8221;off&#8221; button_one_text_color__hover_enabled=&#8221;off&#8221; button_two_text_color__hover_enabled=&#8221;off&#8221; button_border_width__hover_enabled=&#8221;off&#8221; button_one_border_width__hover_enabled=&#8221;off&#8221; button_two_border_width__hover_enabled=&#8221;off&#8221; button_border_color__hover_enabled=&#8221;off&#8221; button_one_border_color__hover_enabled=&#8221;off&#8221; button_two_border_color__hover_enabled=&#8221;off&#8221; button_border_radius__hover_enabled=&#8221;off&#8221; button_one_border_radius__hover_enabled=&#8221;off&#8221; button_two_border_radius__hover_enabled=&#8221;off&#8221; button_letter_spacing__hover_enabled=&#8221;off&#8221; button_one_letter_spacing__hover_enabled=&#8221;off&#8221; button_two_letter_spacing__hover_enabled=&#8221;off&#8221; button_bg_color__hover_enabled=&#8221;off&#8221; button_one_bg_color__hover_enabled=&#8221;off&#8221; button_two_bg_color__hover_enabled=&#8221;off&#8221;][\/et_pb_contact_field][et_pb_contact_field field_id=&#8221;Cognome&#8221; field_title=&#8221;Cognome&#8221; _builder_version=&#8221;4.14.8&#8243; _module_preset=&#8221;default&#8221; global_colors_info=&#8221;{}&#8221;][\/et_pb_contact_field][et_pb_contact_field field_id=&#8221;Email&#8221; field_title=&#8221;Email&#8221; field_type=&#8221;email&#8221; _builder_version=&#8221;4.14.7&#8243; global_colors_info=&#8221;{}&#8221; button_text_size__hover_enabled=&#8221;off&#8221; button_one_text_size__hover_enabled=&#8221;off&#8221; button_two_text_size__hover_enabled=&#8221;off&#8221; button_text_color__hover_enabled=&#8221;off&#8221; button_one_text_color__hover_enabled=&#8221;off&#8221; button_two_text_color__hover_enabled=&#8221;off&#8221; button_border_width__hover_enabled=&#8221;off&#8221; button_one_border_width__hover_enabled=&#8221;off&#8221; button_two_border_width__hover_enabled=&#8221;off&#8221; button_border_color__hover_enabled=&#8221;off&#8221; button_one_border_color__hover_enabled=&#8221;off&#8221; button_two_border_color__hover_enabled=&#8221;off&#8221; button_border_radius__hover_enabled=&#8221;off&#8221; button_one_border_radius__hover_enabled=&#8221;off&#8221; button_two_border_radius__hover_enabled=&#8221;off&#8221; button_letter_spacing__hover_enabled=&#8221;off&#8221; button_one_letter_spacing__hover_enabled=&#8221;off&#8221; button_two_letter_spacing__hover_enabled=&#8221;off&#8221; button_bg_color__hover_enabled=&#8221;off&#8221; button_one_bg_color__hover_enabled=&#8221;off&#8221; button_two_bg_color__hover_enabled=&#8221;off&#8221;][\/et_pb_contact_field][et_pb_contact_field field_id=&#8221;Telefono&#8221; field_title=&#8221;Telefono&#8221; _builder_version=&#8221;4.14.7&#8243; _module_preset=&#8221;default&#8221; global_colors_info=&#8221;{}&#8221;][\/et_pb_contact_field][et_pb_contact_field field_id=&#8221;Note&#8221; field_title=&#8221;Il tuo messaggio&#8221; field_type=&#8221;text&#8221; fullwidth_field=&#8221;on&#8221; _builder_version=&#8221;4.14.8&#8243; global_colors_info=&#8221;{}&#8221; button_text_size__hover_enabled=&#8221;off&#8221; button_one_text_size__hover_enabled=&#8221;off&#8221; button_two_text_size__hover_enabled=&#8221;off&#8221; button_text_color__hover_enabled=&#8221;off&#8221; button_one_text_color__hover_enabled=&#8221;off&#8221; button_two_text_color__hover_enabled=&#8221;off&#8221; button_border_width__hover_enabled=&#8221;off&#8221; button_one_border_width__hover_enabled=&#8221;off&#8221; button_two_border_width__hover_enabled=&#8221;off&#8221; button_border_color__hover_enabled=&#8221;off&#8221; button_one_border_color__hover_enabled=&#8221;off&#8221; button_two_border_color__hover_enabled=&#8221;off&#8221; button_border_radius__hover_enabled=&#8221;off&#8221; button_one_border_radius__hover_enabled=&#8221;off&#8221; button_two_border_radius__hover_enabled=&#8221;off&#8221; button_letter_spacing__hover_enabled=&#8221;off&#8221; button_one_letter_spacing__hover_enabled=&#8221;off&#8221; button_two_letter_spacing__hover_enabled=&#8221;off&#8221; button_bg_color__hover_enabled=&#8221;off&#8221; button_one_bg_color__hover_enabled=&#8221;off&#8221; button_two_bg_color__hover_enabled=&#8221;off&#8221;][\/et_pb_contact_field][\/et_pb_contact_form][\/et_pb_column][\/et_pb_row][\/et_pb_section]<\/p>\n","protected":false},"excerpt":{"rendered":"<p>\ue033 \ue033 \ue033 \ue033 \ue033 Uso l&#8217;E-mail marketing per promuovere i miei servizi fotografici &#8220;Uso l&#8217;Email marketing per promuovere i miei servizi fotografici. Centrico mi aiuta ad organizzare i miei contatti in base ai loro interessi, questo mi permette di inviare comunicazioni specifiche. Inoltre posso raccogliere i contatti direttamente in Centrico dal form presente sul mio sito, ho impostato una mail automatica di presentazione per inviare loro un coupon.&#8221; Alessia Il ricordo pi\u00f9 belloPerch\u00e8 abbiamo scelto centrico Avevo bisogno di organizzare tutti i contatti, distinguete i clienti dai potenziali clienti o i contatti che hanno richiesto un preventivo dai i contatti che si sono iscritti alla newsletter. Inoltre avevo l&#8217;esigenza di promuovere i servizi fotografici, tramite E-mail periodiche ho la possibilit\u00e0 di presentare uno alla volta tutti i servizi fotografici che offriamo, inviare promozioni o sessioni fotografiche speciali.Utilizzo Centrico dal 2017, \u00e8 indispensabile, un vero e proprio strumento di lavoro di uso quotidiano. Ogni persona che mi contatta viene inserita in Centrico, tramite i campi personalizzati inserisco i suoi interessi, i nomi dell&#8217;intero nucleo familiare e soprattutto le informazioni legate al bimbo da fotografare, come nome e data indicativa del parto nel caso di servizi fotografici in gravidanza o l&#8217;et\u00e0 [&hellip;]<\/p>\n","protected":false},"author":1,"featured_media":53353,"parent":52508,"menu_order":0,"comment_status":"closed","ping_status":"closed","template":"","meta":{"_et_pb_use_builder":"on","_et_pb_old_content":"","_et_gb_content_width":"","iawp_total_views":12,"footnotes":""},"categories":[32],"tags":[],"class_list":["post-53349","page","type-page","status-publish","has-post-thumbnail","hentry","category-perche-centrico"],"yoast_head":"<!-- This site is optimized with the Yoast SEO plugin v27.5 - https:\/\/yoast.com\/product\/yoast-seo-wordpress\/ -->\n<title>Il ricordo pi\u00f9 bello - Centrico<\/title>\n<meta name=\"robots\" content=\"index, follow, max-snippet:-1, max-image-preview:large, max-video-preview:-1\" \/>\n<link rel=\"canonical\" href=\"https:\/\/centrico.it\/it\/perche-centrico\/il-ricordo-piu-bello\/\" \/>\n<meta property=\"og:locale\" content=\"it_IT\" \/>\n<meta property=\"og:type\" content=\"article\" \/>\n<meta property=\"og:title\" content=\"Il ricordo pi\u00f9 bello - Centrico\" \/>\n<meta property=\"og:description\" content=\"\ue033 \ue033 \ue033 \ue033 \ue033 Uso l&#039;E-mail marketing per promuovere i miei servizi fotografici &quot;Uso l&#039;Email marketing per promuovere i miei servizi fotografici. Centrico mi aiuta ad organizzare i miei contatti in base ai loro interessi, questo mi permette di inviare comunicazioni specifiche. Inoltre posso raccogliere i contatti direttamente in Centrico dal form presente sul mio sito, ho impostato una mail automatica di presentazione per inviare loro un coupon.&quot; Alessia Il ricordo pi\u00f9 belloPerch\u00e8 abbiamo scelto centrico Avevo bisogno di organizzare tutti i contatti, distinguete i clienti dai potenziali clienti o i contatti che hanno richiesto un preventivo dai i contatti che si sono iscritti alla newsletter. Inoltre avevo l&#039;esigenza di promuovere i servizi fotografici, tramite E-mail periodiche ho la possibilit\u00e0 di presentare uno alla volta tutti i servizi fotografici che offriamo, inviare promozioni o sessioni fotografiche speciali.Utilizzo Centrico dal 2017, \u00e8 indispensabile, un vero e proprio strumento di lavoro di uso quotidiano. Ogni persona che mi contatta viene inserita in Centrico, tramite i campi personalizzati inserisco i suoi interessi, i nomi dell&#039;intero nucleo familiare e soprattutto le informazioni legate al bimbo da fotografare, come nome e data indicativa del parto nel caso di servizi fotografici in gravidanza o l&#039;et\u00e0 [&hellip;]\" \/>\n<meta property=\"og:url\" content=\"https:\/\/centrico.it\/it\/perche-centrico\/il-ricordo-piu-bello\/\" \/>\n<meta property=\"og:site_name\" content=\"Centrico\" \/>\n<meta property=\"article:modified_time\" content=\"2022-03-11T07:53:07+00:00\" \/>\n<meta property=\"og:image\" content=\"https:\/\/centrico.it\/wp-content\/uploads\/2022\/02\/centrico_software_per_fotografi_ilricordopiubello_recensione_04-jpeg.jpeg\" \/>\n\t<meta property=\"og:image:width\" content=\"1440\" \/>\n\t<meta property=\"og:image:height\" content=\"959\" \/>\n\t<meta property=\"og:image:type\" content=\"image\/jpeg\" \/>\n<meta name=\"twitter:card\" content=\"summary_large_image\" \/>\n<meta name=\"twitter:label1\" content=\"Tempo di lettura stimato\" \/>\n\t<meta name=\"twitter:data1\" content=\"5 minuti\" \/>\n<script type=\"application\/ld+json\" class=\"yoast-schema-graph\">{\"@context\":\"https:\\\/\\\/schema.org\",\"@graph\":[{\"@type\":\"WebPage\",\"@id\":\"https:\\\/\\\/centrico.it\\\/it\\\/perche-centrico\\\/il-ricordo-piu-bello\\\/\",\"url\":\"https:\\\/\\\/centrico.it\\\/it\\\/perche-centrico\\\/il-ricordo-piu-bello\\\/\",\"name\":\"Il ricordo pi\u00f9 bello - Centrico\",\"isPartOf\":{\"@id\":\"https:\\\/\\\/centrico.it\\\/it\\\/#website\"},\"primaryImageOfPage\":{\"@id\":\"https:\\\/\\\/centrico.it\\\/it\\\/perche-centrico\\\/il-ricordo-piu-bello\\\/#primaryimage\"},\"image\":{\"@id\":\"https:\\\/\\\/centrico.it\\\/it\\\/perche-centrico\\\/il-ricordo-piu-bello\\\/#primaryimage\"},\"thumbnailUrl\":\"https:\\\/\\\/centrico.it\\\/wp-content\\\/uploads\\\/2022\\\/02\\\/centrico_software_per_fotografi_ilricordopiubello_recensione_04-jpeg.jpeg\",\"datePublished\":\"2022-02-28T09:30:06+00:00\",\"dateModified\":\"2022-03-11T07:53:07+00:00\",\"breadcrumb\":{\"@id\":\"https:\\\/\\\/centrico.it\\\/it\\\/perche-centrico\\\/il-ricordo-piu-bello\\\/#breadcrumb\"},\"inLanguage\":\"it-IT\",\"potentialAction\":[{\"@type\":\"ReadAction\",\"target\":[\"https:\\\/\\\/centrico.it\\\/it\\\/perche-centrico\\\/il-ricordo-piu-bello\\\/\"]}]},{\"@type\":\"ImageObject\",\"inLanguage\":\"it-IT\",\"@id\":\"https:\\\/\\\/centrico.it\\\/it\\\/perche-centrico\\\/il-ricordo-piu-bello\\\/#primaryimage\",\"url\":\"https:\\\/\\\/centrico.it\\\/wp-content\\\/uploads\\\/2022\\\/02\\\/centrico_software_per_fotografi_ilricordopiubello_recensione_04-jpeg.jpeg\",\"contentUrl\":\"https:\\\/\\\/centrico.it\\\/wp-content\\\/uploads\\\/2022\\\/02\\\/centrico_software_per_fotografi_ilricordopiubello_recensione_04-jpeg.jpeg\",\"width\":1440,\"height\":959},{\"@type\":\"BreadcrumbList\",\"@id\":\"https:\\\/\\\/centrico.it\\\/it\\\/perche-centrico\\\/il-ricordo-piu-bello\\\/#breadcrumb\",\"itemListElement\":[{\"@type\":\"ListItem\",\"position\":1,\"name\":\"Home\",\"item\":\"https:\\\/\\\/centrico.it\\\/it\\\/\"},{\"@type\":\"ListItem\",\"position\":2,\"name\":\"Perch\u00e8 Centrico\",\"item\":\"https:\\\/\\\/centrico.it\\\/it\\\/perche-centrico\\\/\"},{\"@type\":\"ListItem\",\"position\":3,\"name\":\"Il ricordo pi\u00f9 bello\"}]},{\"@type\":\"WebSite\",\"@id\":\"https:\\\/\\\/centrico.it\\\/it\\\/#website\",\"url\":\"https:\\\/\\\/centrico.it\\\/it\\\/\",\"name\":\"Centrico\",\"description\":\"Software gestione clienti CRM\",\"potentialAction\":[{\"@type\":\"SearchAction\",\"target\":{\"@type\":\"EntryPoint\",\"urlTemplate\":\"https:\\\/\\\/centrico.it\\\/it\\\/?s={search_term_string}\"},\"query-input\":{\"@type\":\"PropertyValueSpecification\",\"valueRequired\":true,\"valueName\":\"search_term_string\"}}],\"inLanguage\":\"it-IT\"}]}<\/script>\n<!-- \/ Yoast SEO plugin. -->","yoast_head_json":{"title":"Il ricordo pi\u00f9 bello - Centrico","robots":{"index":"index","follow":"follow","max-snippet":"max-snippet:-1","max-image-preview":"max-image-preview:large","max-video-preview":"max-video-preview:-1"},"canonical":"https:\/\/centrico.it\/it\/perche-centrico\/il-ricordo-piu-bello\/","og_locale":"it_IT","og_type":"article","og_title":"Il ricordo pi\u00f9 bello - Centrico","og_description":"\ue033 \ue033 \ue033 \ue033 \ue033 Uso l'E-mail marketing per promuovere i miei servizi fotografici \"Uso l'Email marketing per promuovere i miei servizi fotografici. Centrico mi aiuta ad organizzare i miei contatti in base ai loro interessi, questo mi permette di inviare comunicazioni specifiche. Inoltre posso raccogliere i contatti direttamente in Centrico dal form presente sul mio sito, ho impostato una mail automatica di presentazione per inviare loro un coupon.\" Alessia Il ricordo pi\u00f9 belloPerch\u00e8 abbiamo scelto centrico Avevo bisogno di organizzare tutti i contatti, distinguete i clienti dai potenziali clienti o i contatti che hanno richiesto un preventivo dai i contatti che si sono iscritti alla newsletter. Inoltre avevo l'esigenza di promuovere i servizi fotografici, tramite E-mail periodiche ho la possibilit\u00e0 di presentare uno alla volta tutti i servizi fotografici che offriamo, inviare promozioni o sessioni fotografiche speciali.Utilizzo Centrico dal 2017, \u00e8 indispensabile, un vero e proprio strumento di lavoro di uso quotidiano. Ogni persona che mi contatta viene inserita in Centrico, tramite i campi personalizzati inserisco i suoi interessi, i nomi dell'intero nucleo familiare e soprattutto le informazioni legate al bimbo da fotografare, come nome e data indicativa del parto nel caso di servizi fotografici in gravidanza o l'et\u00e0 [&hellip;]","og_url":"https:\/\/centrico.it\/it\/perche-centrico\/il-ricordo-piu-bello\/","og_site_name":"Centrico","article_modified_time":"2022-03-11T07:53:07+00:00","og_image":[{"width":1440,"height":959,"url":"https:\/\/centrico.it\/wp-content\/uploads\/2022\/02\/centrico_software_per_fotografi_ilricordopiubello_recensione_04-jpeg.jpeg","type":"image\/jpeg"}],"twitter_card":"summary_large_image","twitter_misc":{"Tempo di lettura stimato":"5 minuti"},"schema":{"@context":"https:\/\/schema.org","@graph":[{"@type":"WebPage","@id":"https:\/\/centrico.it\/it\/perche-centrico\/il-ricordo-piu-bello\/","url":"https:\/\/centrico.it\/it\/perche-centrico\/il-ricordo-piu-bello\/","name":"Il ricordo pi\u00f9 bello - Centrico","isPartOf":{"@id":"https:\/\/centrico.it\/it\/#website"},"primaryImageOfPage":{"@id":"https:\/\/centrico.it\/it\/perche-centrico\/il-ricordo-piu-bello\/#primaryimage"},"image":{"@id":"https:\/\/centrico.it\/it\/perche-centrico\/il-ricordo-piu-bello\/#primaryimage"},"thumbnailUrl":"https:\/\/centrico.it\/wp-content\/uploads\/2022\/02\/centrico_software_per_fotografi_ilricordopiubello_recensione_04-jpeg.jpeg","datePublished":"2022-02-28T09:30:06+00:00","dateModified":"2022-03-11T07:53:07+00:00","breadcrumb":{"@id":"https:\/\/centrico.it\/it\/perche-centrico\/il-ricordo-piu-bello\/#breadcrumb"},"inLanguage":"it-IT","potentialAction":[{"@type":"ReadAction","target":["https:\/\/centrico.it\/it\/perche-centrico\/il-ricordo-piu-bello\/"]}]},{"@type":"ImageObject","inLanguage":"it-IT","@id":"https:\/\/centrico.it\/it\/perche-centrico\/il-ricordo-piu-bello\/#primaryimage","url":"https:\/\/centrico.it\/wp-content\/uploads\/2022\/02\/centrico_software_per_fotografi_ilricordopiubello_recensione_04-jpeg.jpeg","contentUrl":"https:\/\/centrico.it\/wp-content\/uploads\/2022\/02\/centrico_software_per_fotografi_ilricordopiubello_recensione_04-jpeg.jpeg","width":1440,"height":959},{"@type":"BreadcrumbList","@id":"https:\/\/centrico.it\/it\/perche-centrico\/il-ricordo-piu-bello\/#breadcrumb","itemListElement":[{"@type":"ListItem","position":1,"name":"Home","item":"https:\/\/centrico.it\/it\/"},{"@type":"ListItem","position":2,"name":"Perch\u00e8 Centrico","item":"https:\/\/centrico.it\/it\/perche-centrico\/"},{"@type":"ListItem","position":3,"name":"Il ricordo pi\u00f9 bello"}]},{"@type":"WebSite","@id":"https:\/\/centrico.it\/it\/#website","url":"https:\/\/centrico.it\/it\/","name":"Centrico","description":"Software gestione clienti CRM","potentialAction":[{"@type":"SearchAction","target":{"@type":"EntryPoint","urlTemplate":"https:\/\/centrico.it\/it\/?s={search_term_string}"},"query-input":{"@type":"PropertyValueSpecification","valueRequired":true,"valueName":"search_term_string"}}],"inLanguage":"it-IT"}]}},"_links":{"self":[{"href":"https:\/\/centrico.it\/it\/wp-json\/wp\/v2\/pages\/53349","targetHints":{"allow":["GET"]}}],"collection":[{"href":"https:\/\/centrico.it\/it\/wp-json\/wp\/v2\/pages"}],"about":[{"href":"https:\/\/centrico.it\/it\/wp-json\/wp\/v2\/types\/page"}],"author":[{"embeddable":true,"href":"https:\/\/centrico.it\/it\/wp-json\/wp\/v2\/users\/1"}],"replies":[{"embeddable":true,"href":"https:\/\/centrico.it\/it\/wp-json\/wp\/v2\/comments?post=53349"}],"version-history":[{"count":6,"href":"https:\/\/centrico.it\/it\/wp-json\/wp\/v2\/pages\/53349\/revisions"}],"predecessor-version":[{"id":239742,"href":"https:\/\/centrico.it\/it\/wp-json\/wp\/v2\/pages\/53349\/revisions\/239742"}],"up":[{"embeddable":true,"href":"https:\/\/centrico.it\/it\/wp-json\/wp\/v2\/pages\/52508"}],"wp:featuredmedia":[{"embeddable":true,"href":"https:\/\/centrico.it\/it\/wp-json\/wp\/v2\/media\/53353"}],"wp:attachment":[{"href":"https:\/\/centrico.it\/it\/wp-json\/wp\/v2\/media?parent=53349"}],"wp:term":[{"taxonomy":"category","embeddable":true,"href":"https:\/\/centrico.it\/it\/wp-json\/wp\/v2\/categories?post=53349"},{"taxonomy":"post_tag","embeddable":true,"href":"https:\/\/centrico.it\/it\/wp-json\/wp\/v2\/tags?post=53349"}],"curies":[{"name":"wp","href":"https:\/\/api.w.org\/{rel}","templated":true}]}}